{"id":179,"date":"2021-01-20T10:01:32","date_gmt":"2021-01-20T09:01:32","guid":{"rendered":"http:\/\/ogrodtolas.pl\/?page_id=179"},"modified":"2021-01-20T10:03:29","modified_gmt":"2021-01-20T09:03:29","slug":"narzedzia","status":"publish","type":"page","link":"https:\/\/ogrodtolas.pl\/index.php\/narzedzia\/","title":{"rendered":"Narz\u0119dzia"},"content":{"rendered":"\n<p>Czas na skompletowanie narz\u0119dzi <\/p>\n\n\n\n<p>Zima to czas, kiedy specjalnie nie ma dla nas za du\u017co roboty w ogrodzie. Ziemia odpoczywa, a my czekamy do wiosny.<\/p>\n\n\n\n<p>Ten wolny czas mo\u017cemy po\u015bwieci\u0107 na przyk\u0142ad na kompletowanie, uzupe\u0142nianie i naprawianie narz\u0119dzi.<\/p>\n\n\n\n<p>Wiele poradnik\u00f3w wymienia setki rodzaj\u00f3w \u0142opatek, grabi i innych na pewno przydatnych narz\u0119dzi.<\/p>\n\n\n\n<p>Osobi\u015bcie wiele rzeczy odziedziczy\u0142em po poprzednim w\u0142a\u015bcicielu domu czyli wujku \u015bwi\u0119tej pami\u0119ci.<\/p>\n\n\n\n<p>Najwa\u017cniejsze wed\u0142ug mnie to w zale\u017cno\u015bci od potrzeb to: \u0142opata, motyka, grabie, pi\u0142a<\/p>\n\n\n\n<p>Oczywi\u015bcie mo\u017cna uzupe\u0142ni\u0107 to o \u0142opatk\u0119, szpadel, no\u017cyce, sekator.<\/p>\n\n\n\n<p>Wszystko zale\u017cy od tego jakie prace wykonujemy w ogrodzie. Najwa\u017cniejsza jednak jest jako\u015b\u0107 narz\u0119dzi w naszym posiadaniu, Wydaje mi si\u0119 \u017ce nie powinni\u015bmy kupowa\u0107 najta\u0144szych produkt\u00f3w, kt\u00f3re po prostu po jednym sezonie b\u0119dziemy musieli wyrzuci\u0107&#8230; bez sensu. Oczywi\u015bcie zale\u017cy to tez od naszego portfela, je\u015bli mamy ochot\u0119 kupi\u0107 siekier\u0119 znanej firmy, kt\u00f3ra kosztuje 100 z\u0142 to nie ma sprawy,  ja natomiast osobi\u015bcie wybra\u0142em narz\u0119dzie wykute r\u0119cznie w polskiej ku\u017ani, a wyda\u0142em na ni\u0105 jakie\u015b 35 z\u0142. <\/p>\n\n\n\n<p>Je\u015bli chodzi o koszenie trawy, po powinienem tutaj zach\u0119ca\u0107 do koszenia tradycyjnego za pomoc\u0105 kosy. Pami\u0119tam jak to robi\u0142 m\u00f3j dziadek, z wpraw\u0105 i dok\u0142adno\u015bci\u0105 by\u0142 w stanie wykosi\u0107 ca\u0142kiem spory kawa\u0142ek ogrodu. Ja niestety nie mam takiej wprawy, mo\u017ce jakbym po\u0107wiczy\u0142 to sz\u0142o by mi o wiele lepiej. U\u017cywam \u015bredniej klasy kosiarki elektrycznej, Na szcz\u0119\u015bcie nie mam du\u017cego terenu do wykoszenia.<\/p>\n\n\n\n<p>Z osobistego do\u015bwiadczenia odradzam r\u0119czne b\u0119bnowe kosiarki, Cz\u0142owiek si\u0119 nam\u0119czy a ma\u0142o wykosi, Ju\u017c lepiej nauczy\u0107 si\u0119 operowa\u0107 kos\u0105. <\/p>\n\n\n\n<p>Grabie <\/p>\n\n\n\n<div class=\"wp-block-image\"><figure class=\"alignleft size-large\"><img loading=\"lazy\" decoding=\"async\" width=\"195\" height=\"599\" src=\"https:\/\/ogrodtolas.pl\/wp-content\/uploads\/2020\/12\/195px-Hark_rake.jpg\" alt=\"\" class=\"wp-image-153\" srcset=\"https:\/\/ogrodtolas.pl\/wp-content\/uploads\/2020\/12\/195px-Hark_rake.jpg 195w, https:\/\/ogrodtolas.pl\/wp-content\/uploads\/2020\/12\/195px-Hark_rake-98x300.jpg 98w\" sizes=\"auto, (max-width: 195px) 100vw, 195px\" \/><\/figure><\/div>\n\n\n\n<p><a href=\"https:\/\/commons.m.wikimedia.org\/wiki\/File:Hark_(rake).jpg#mw-jump-to-license\">\u0179r\u00f3d\u0142o<\/a><\/p>\n","protected":false},"excerpt":{"rendered":"<p>Czas na skompletowanie narz\u0119dzi Zima to czas, kiedy specjalnie nie ma dla nas za du\u017co roboty w ogrodzie. Ziemia odpoczywa, a my czekamy do wiosny. Ten wolny czas mo\u017cemy po\u015bwieci\u0107 na przyk\u0142ad na kompletowanie,&#46;&#46;&#46;<\/p>\n","protected":false},"author":1,"featured_media":0,"parent":0,"menu_order":0,"comment_status":"closed","ping_status":"closed","template":"","meta":{"footnotes":""},"class_list":["post-179","page","type-page","status-publish","hentry"],"_links":{"self":[{"href":"https:\/\/ogrodtolas.pl\/index.php\/wp-json\/wp\/v2\/pages\/179","targetHints":{"allow":["GET"]}}],"collection":[{"href":"https:\/\/ogrodtolas.pl\/index.php\/wp-json\/wp\/v2\/pages"}],"about":[{"href":"https:\/\/ogrodtolas.pl\/index.php\/wp-json\/wp\/v2\/types\/page"}],"author":[{"embeddable":true,"href":"https:\/\/ogrodtolas.pl\/index.php\/wp-json\/wp\/v2\/users\/1"}],"replies":[{"embeddable":true,"href":"https:\/\/ogrodtolas.pl\/index.php\/wp-json\/wp\/v2\/comments?post=179"}],"version-history":[{"count":2,"href":"https:\/\/ogrodtolas.pl\/index.php\/wp-json\/wp\/v2\/pages\/179\/revisions"}],"predecessor-version":[{"id":181,"href":"https:\/\/ogrodtolas.pl\/index.php\/wp-json\/wp\/v2\/pages\/179\/revisions\/181"}],"wp:attachment":[{"href":"https:\/\/ogrodtolas.pl\/index.php\/wp-json\/wp\/v2\/media?parent=179"}],"curies":[{"name":"wp","href":"https:\/\/api.w.org\/{rel}","templated":true}]}}