{"id":184,"date":"2021-01-20T10:07:09","date_gmt":"2021-01-20T09:07:09","guid":{"rendered":"http:\/\/ogrodtolas.pl\/?page_id=184"},"modified":"2021-01-22T15:46:33","modified_gmt":"2021-01-22T14:46:33","slug":"zakup-nasion","status":"publish","type":"page","link":"https:\/\/ogrodtolas.pl\/index.php\/zakup-nasion\/","title":{"rendered":"Zakup nasion"},"content":{"rendered":"\n<p>Stycze\u0144 to najlepszy czas na zakup nasion oraz zaplanowanie naszych upraw.<\/p>\n\n\n\n<p>W tym roku da\u0142em si\u0119 nieco ponie\u015b\u0107 ale mam nadziej\u0119 ze przynajmniej cze\u015b\u0107 uda mi si\u0119 zasadzi\u0107.<\/p>\n\n\n\n<p><\/p>\n\n\n\n<figure class=\"wp-block-image size-large\"><img loading=\"lazy\" decoding=\"async\" width=\"576\" height=\"1024\" src=\"https:\/\/ogrodtolas.pl\/wp-content\/uploads\/2021\/01\/20210108_215316-576x1024.jpg\" alt=\"\" class=\"wp-image-185\" srcset=\"https:\/\/ogrodtolas.pl\/wp-content\/uploads\/2021\/01\/20210108_215316-576x1024.jpg 576w, https:\/\/ogrodtolas.pl\/wp-content\/uploads\/2021\/01\/20210108_215316-169x300.jpg 169w, https:\/\/ogrodtolas.pl\/wp-content\/uploads\/2021\/01\/20210108_215316-768x1365.jpg 768w, https:\/\/ogrodtolas.pl\/wp-content\/uploads\/2021\/01\/20210108_215316-864x1536.jpg 864w, https:\/\/ogrodtolas.pl\/wp-content\/uploads\/2021\/01\/20210108_215316-1152x2048.jpg 1152w, https:\/\/ogrodtolas.pl\/wp-content\/uploads\/2021\/01\/20210108_215316-scaled.jpg 1440w\" sizes=\"auto, (max-width: 576px) 100vw, 576px\" \/><\/figure>\n\n\n\n<p>Poni\u017cej zamieszczam tabele z danymi z etykiet, ustawione w kolejno\u015bci wysiewu.<\/p>\n\n\n\n<div class=\"wp-block-columns is-layout-flex wp-container-core-columns-is-layout-9d6595d7 wp-block-columns-is-layout-flex\">\n<div class=\"wp-block-column is-layout-flow wp-block-column-is-layout-flow\" style=\"flex-basis:100%\">\n<div class=\"wp-block-group\"><div class=\"wp-block-group__inner-container is-layout-flow wp-block-group-is-layout-flow\">\n<figure class=\"wp-block-table is-style-regular\"><table><tbody><tr><td>Ro\u015blina<\/td><td>Odmiana<\/td><td>Wysiew<\/td><td>Sadzenie<\/td><td>Zbi\u00f3r<\/td><td>Inne<\/td><\/tr><tr><td>Papryka ostra<\/td><td>Habanero red<\/td><td>luty &#8211; marzec<\/td><td>maj &#8211; czerwiec<\/td><td>wrzesie\u0144 -pa\u017adziernik<\/td><td><\/td><\/tr><tr><td>Papryka s\u0142odka<\/td><td>Barb\u00f3rka<\/td><td>1\/2 luty &#8211; marzec<\/td><td>1\/2 maj<\/td><td>lipiec &#8211; wrzesie\u0144<\/td><td><\/td><\/tr><tr><td>Seler korzeniowy<\/td><td>Makar<\/td><td>1\/2 luty &#8211; marzec<\/td><td>1\/2 maj &#8211; 1\/2 czerwiec<\/td><td>wrzesie\u0144 &#8211; pa\u017adziernik<\/td><td>pole<\/td><\/tr><tr><td>Bazylia pospolita<\/td><td><\/td><td>luty &#8211; kwiecie\u0144<\/td><td>1\/2 maj<\/td><td>Lipiec &#8211; wrzesie\u0144<\/td><td><\/td><\/tr><tr><td>Sa\u0142ata mas\u0142owa<\/td><td>Bona<\/td><td>1\/2 luty &#8211; kwiecie\u0144<\/td><td>kwiecie\u0144 &#8211; maj<\/td><td>kwiecie\u0144-czerwiec, 1\/2 sierpie\u0144 -wrzesie\u0144<\/td><td><\/td><\/tr><tr><td>Pomidor<\/td><td>Bawole serce \u2013 malinowy wysoki<\/td><td>1\/2 marzec<\/td><td>1\/2 maj<\/td><td>sierpie\u0144<\/td><td><\/td><\/tr><tr><td>Cebula<\/td><td>mieszanka<\/td><td>1\/2 marzec-kwiecie\u0144<\/td><td><\/td><td>sierpie\u0144 -wrzesie\u0144<\/td><td><\/td><\/tr><tr><td>Pietruszka naciowa<\/td><td>Festival 68<\/td><td>marzec &#8211; kwiecie\u0144<\/td><td><\/td><td>marzec &#8211; maj<\/td><td>pole<\/td><\/tr><tr><td>Pietruszka<\/td><td>Halblange d.berlinska<\/td><td>marzec &#8211; kwiecie\u0144<\/td><td><\/td><td>jesie\u0144<\/td><td><\/td><\/tr><tr><td>B\u00f3b<\/td><td>Windsor bia\u0142y TOR<\/td><td>marzec, kwiecie\u0144<\/td><td><\/td><td>czerwiec &#8211; sierpie\u0144<\/td><td><\/td><\/tr><tr><td>Poziomka<\/td><td>Regina<\/td><td>marzec, kwiecie\u0144<\/td><td>maj &#8211; wrzesie\u0144<\/td><td>sierpie\u0144 &#8211; pa\u017adziernik<\/td><td><\/td><\/tr><tr><td>Oregano<\/td><td>Lebiodka pospolita<\/td><td>marzec, kwiecie\u0144<\/td><td>maj, czerwiec<\/td><td>sierpie\u0144, wrzesie\u0144<\/td><td>wieloletnia<\/td><\/tr><tr><td>Groch cukrowy<\/td><td>I\u0142\u00f3wiecki<\/td><td>marzec &#8211; maj<\/td><td><\/td><td>1\/2 maj &#8211; czerwiec<\/td><td><\/td><\/tr><tr><td>Rzodkiewka<\/td><td>Cherry belle<\/td><td>marzec, kwiecie\u0144, lipiec<\/td><td><\/td><td>kwiecie\u0144 &#8211; czerwiec, wrzesie\u0144 &#8211; listopad<\/td><td><\/td><\/tr><tr><td>Marchew<\/td><td>Amsterdam 2<\/td><td>marzec -czerwiec, listopad<\/td><td><\/td><td>czerwiec -pa\u017adziernik<\/td><td><\/td><\/tr><tr><td>Koper ogrodowy<\/td><td>Samson<\/td><td>marzec -sierpie\u0144<\/td><td><\/td><td>czerwiec -pa\u017adziernik<\/td><td><\/td><\/tr><tr><td>Kapusta brukselska<\/td><td>Groninger<\/td><td>kwiecie\u0144<\/td><td>maj, czerwiec<\/td><td>pa\u017adziernik -grudzie\u0144<\/td><td><\/td><\/tr><tr><td>Mi\u0119ta pieprzowa<\/td><td><\/td><td>kwiecie\u0144<\/td><td>czerwiec &#8211; sierpie\u0144<\/td><td>maj &#8211; wrzesie\u0144<\/td><td>wieloletnia<\/td><\/tr><tr><td>Lubczyk ogrodowy<\/td><td><\/td><td>kwiecie\u0144<\/td><td>maj &#8211; czerwiec<\/td><td>maj &#8211; wrzesie\u0144<\/td><td>wieloletnia<\/td><\/tr><tr><td>Rozmaryn lekarski<\/td><td><\/td><td>kwiecie\u0144 &#8211; maj<\/td><td>lipiec<\/td><td>maj-wrzesie\u0144<\/td><td>wieloletnia<\/td><\/tr><tr><td>Cebula siedmiolatka<\/td><td>Bajka\u0142<\/td><td>kwiecie\u0144 &#8211; sierpie\u0144<\/td><td><\/td><td>1\/2 kwiecie\u0144 -pa\u017adziernik<\/td><td>wieloletnia<\/td><\/tr><tr><td>Arbuz<\/td><td>Rosario F1<\/td><td>1\/2 kwiecie\u0144 &#8211; 1\/2 maj<\/td><td><\/td><td>sierpie\u0144 &#8211; wrzesie\u0144<\/td><td><\/td><\/tr><tr><td>Og\u00f3rek<\/td><td>Polan mieszaniec F1<\/td><td>maj<\/td><td><\/td><td>1\/2 sierpie\u0144, wrzesie\u0144<\/td><td><\/td><\/tr><tr><td>Fasola szparagowa<\/td><td>Majorka<\/td><td>1\/2 maj<\/td><td><\/td><td>lipiec &#8211; wrzesie\u0144<\/td><td>zielona<\/td><\/tr><tr><td>Jarmu\u017c<\/td><td>Halbhoher gruener krauser<\/td><td>maj, czerwiec<\/td><td>czerwiec, lipiec<\/td><td>pa\u017adziernik -kwiecie\u0144<\/td><td>pole<\/td><\/tr><tr><td>Fasola szparagowa<\/td><td>Goldpantera<\/td><td>maj &#8211; lipiec<\/td><td><\/td><td>lipiec &#8211; wrzesie\u0144<\/td><td>z\u00f3\u0142ta<\/td><\/tr><\/tbody><\/table><\/figure>\n<\/div><\/div>\n<\/div>\n<\/div>\n","protected":false},"excerpt":{"rendered":"<p>Stycze\u0144 to najlepszy czas na zakup nasion oraz zaplanowanie naszych upraw. W tym roku da\u0142em si\u0119 nieco ponie\u015b\u0107 ale mam nadziej\u0119 ze przynajmniej cze\u015b\u0107 uda mi si\u0119 zasadzi\u0107. Poni\u017cej zamieszczam tabele z danymi z&#46;&#46;&#46;<\/p>\n","protected":false},"author":1,"featured_media":0,"parent":0,"menu_order":0,"comment_status":"closed","ping_status":"closed","template":"","meta":{"footnotes":""},"class_list":["post-184","page","type-page","status-publish","hentry"],"_links":{"self":[{"href":"https:\/\/ogrodtolas.pl\/index.php\/wp-json\/wp\/v2\/pages\/184","targetHints":{"allow":["GET"]}}],"collection":[{"href":"https:\/\/ogrodtolas.pl\/index.php\/wp-json\/wp\/v2\/pages"}],"about":[{"href":"https:\/\/ogrodtolas.pl\/index.php\/wp-json\/wp\/v2\/types\/page"}],"author":[{"embeddable":true,"href":"https:\/\/ogrodtolas.pl\/index.php\/wp-json\/wp\/v2\/users\/1"}],"replies":[{"embeddable":true,"href":"https:\/\/ogrodtolas.pl\/index.php\/wp-json\/wp\/v2\/comments?post=184"}],"version-history":[{"count":12,"href":"https:\/\/ogrodtolas.pl\/index.php\/wp-json\/wp\/v2\/pages\/184\/revisions"}],"predecessor-version":[{"id":206,"href":"https:\/\/ogrodtolas.pl\/index.php\/wp-json\/wp\/v2\/pages\/184\/revisions\/206"}],"wp:attachment":[{"href":"https:\/\/ogrodtolas.pl\/index.php\/wp-json\/wp\/v2\/media?parent=184"}],"curies":[{"name":"wp","href":"https:\/\/api.w.org\/{rel}","templated":true}]}}